{"id":766,"date":"2024-10-21T14:21:48","date_gmt":"2024-10-21T14:21:48","guid":{"rendered":"https:\/\/www.knowafrica.uevora.pt\/?page_id=766"},"modified":"2024-10-24T09:58:16","modified_gmt":"2024-10-24T09:58:16","slug":"paula-quadrado","status":"publish","type":"page","link":"https:\/\/www.knowafrica.uevora.pt\/en\/paula-quadrado\/","title":{"rendered":"Paula Quadrado"},"content":{"rendered":"<div data-elementor-type=\"wp-page\" data-elementor-id=\"766\" class=\"elementor elementor-766\" data-elementor-post-type=\"page\">\n\t\t\t\t<div class=\"elementor-element elementor-element-e2b73ef e-flex e-con-boxed e-con e-parent\" data-id=\"e2b73ef\" data-element_type=\"container\" data-settings=\"{&quot;background_background&quot;:&quot;classic&quot;}\">\n\t\t\t\t\t<div class=\"e-con-inner\">\n\t\t\t\t<div class=\"elementor-element elementor-element-62c41ce elementor-widget elementor-widget-heading\" data-id=\"62c41ce\" data-element_type=\"widget\" data-widget_type=\"heading.default\">\n\t\t\t\t<div class=\"elementor-widget-container\">\n\t\t\t\t\t<h2 class=\"elementor-heading-title elementor-size-default\">Paula Quadrado<\/h2>\t\t\t\t<\/div>\n\t\t\t\t<\/div>\n\t\t\t\t\t<\/div>\n\t\t\t\t<\/div>\n\t\t<div class=\"elementor-element elementor-element-dd09a01 e-flex e-con-boxed e-con e-parent\" data-id=\"dd09a01\" data-element_type=\"container\" data-settings=\"{&quot;background_background&quot;:&quot;classic&quot;}\">\n\t\t\t\t\t<div class=\"e-con-inner\">\n\t\t<div class=\"elementor-element elementor-element-c0d125f e-con-full e-flex elementor-invisible e-con e-child\" data-id=\"c0d125f\" data-element_type=\"container\" data-settings=\"{&quot;animation&quot;:&quot;fadeInDown&quot;}\">\n\t\t\t\t<div class=\"elementor-element elementor-element-f4db97c elementor-widget elementor-widget-image\" data-id=\"f4db97c\" data-element_type=\"widget\" data-widget_type=\"image.default\">\n\t\t\t\t<div class=\"elementor-widget-container\">\n\t\t\t\t\t\t\t\t\t\t\t\t\t\t\t<img fetchpriority=\"high\" decoding=\"async\" width=\"243\" height=\"238\" src=\"https:\/\/www.knowafrica.uevora.pt\/wp-content\/uploads\/2024\/10\/Paula_bw.jpg\" class=\"attachment-large size-large wp-image-768\" alt=\"Paula Quadrado\" \/>\t\t\t\t\t\t\t\t\t\t\t\t\t\t\t<\/div>\n\t\t\t\t<\/div>\n\t\t\t\t<\/div>\n\t\t<div class=\"elementor-element elementor-element-6c9f38e e-con-full e-flex elementor-invisible e-con e-child\" data-id=\"6c9f38e\" data-element_type=\"container\" data-settings=\"{&quot;animation&quot;:&quot;fadeInUp&quot;}\">\n\t\t\t\t<div class=\"elementor-element elementor-element-9a157be elementor-widget elementor-widget-text-editor\" data-id=\"9a157be\" data-element_type=\"widget\" data-widget_type=\"text-editor.default\">\n\t\t\t\t<div class=\"elementor-widget-container\">\n\t\t\t\t\t\t\t\t\t<p style=\"text-align: justify;\"><b>Paula Quadrado<\/b> \u00e9 Mestre em Gest\u00e3o e Valoriza\u00e7\u00e3o do Patrim\u00f3nio Hist\u00f3rico Cultural, especializada em Patrim\u00f3nio Art\u00edstico e Hist\u00f3ria da Arte pela Universidade de \u00c9vora, Escola de Ci\u00eancias Sociais (2024). Licenciou-se em Patrim\u00f3nio Cultural, com especializa\u00e7\u00e3o em Turismo Cultural, tamb\u00e9m pela Universidade de \u00c9vora. Atualmente colabora no Instituto de Hist\u00f3ria Contempor\u00e2nea da Universidade de \u00c9vora, com um interesse focado na explora\u00e7\u00e3o e pesquisa das cole\u00e7\u00f5es coloniais do s\u00e9culo XIX associadas aos exploradores portugueses.<\/p>\n<p style=\"text-align: justify;\"><\/p>\t\t\t\t\t\t\t\t<\/div>\n\t\t\t\t<\/div>\n\t\t\t\t<div class=\"elementor-element elementor-element-2efef46 elementor-widget-divider--view-line elementor-widget elementor-widget-divider\" data-id=\"2efef46\" data-element_type=\"widget\" data-widget_type=\"divider.default\">\n\t\t\t\t<div class=\"elementor-widget-container\">\n\t\t\t\t\t\t\t<div class=\"elementor-divider\">\n\t\t\t<span class=\"elementor-divider-separator\">\n\t\t\t\t\t\t<\/span>\n\t\t<\/div>\n\t\t\t\t\t\t<\/div>\n\t\t\t\t<\/div>\n\t\t\t\t<div class=\"elementor-element elementor-element-8061203 elementor-widget elementor-widget-text-editor\" data-id=\"8061203\" data-element_type=\"widget\" data-widget_type=\"text-editor.default\">\n\t\t\t\t<div class=\"elementor-widget-container\">\n\t\t\t\t\t\t\t\t\t<p style=\"text-align: justify;\"><b>Paula Quadrado<\/b> has a MSc. in Management and Enhancement of Historic and Cultural Heritage with a specialisation in Artistic Heritage and Art History from the University of \u00c9vora (2024), Lic. in Cultural Heritage with a specialisation in Cultural Tourism from the University of \u00c9vora. Currently collaborates with the Institute of Contemporary History at the University of \u00c9vora with focus on analysing 19th century colonial collections associated with Portuguese explorers.<\/p>\t\t\t\t\t\t\t\t<\/div>\n\t\t\t\t<\/div>\n\t\t\t\t<div class=\"elementor-element elementor-element-b1089a1 elementor-widget elementor-widget-text-editor\" data-id=\"b1089a1\" data-element_type=\"widget\" data-widget_type=\"text-editor.default\">\n\t\t\t\t<div class=\"elementor-widget-container\">\n\t\t\t\t\t\t\t\t\t<a href=\"https:\/\/orcid.org\/0009-0001-0603-6157\">Orcid\u00a0<\/a>\t\t\t\t\t\t\t\t<\/div>\n\t\t\t\t<\/div>\n\t\t\t\t<div class=\"elementor-element elementor-element-a157b70 elementor-widget elementor-widget-text-editor\" data-id=\"a157b70\" data-element_type=\"widget\" data-widget_type=\"text-editor.default\">\n\t\t\t\t<div class=\"elementor-widget-container\">\n\t\t\t\t\t\t\t\t\t<a href=\"https:\/\/www.cienciavitae.pt\/portal\/7510-A134-3EF7\">Ci\u00eancia Vitae<\/a>\t\t\t\t\t\t\t\t<\/div>\n\t\t\t\t<\/div>\n\t\t\t\t<\/div>\n\t\t\t\t\t<\/div>\n\t\t\t\t<\/div>\n\t\t<div class=\"elementor-element elementor-element-be39d9c e-flex e-con-boxed e-con e-parent\" data-id=\"be39d9c\" data-element_type=\"container\">\n\t\t\t\t\t<div class=\"e-con-inner\">\n\t\t\t\t\t<\/div>\n\t\t\t\t<\/div>\n\t\t\t\t<\/div>","protected":false},"excerpt":{"rendered":"<p>Paula Quadrado Paula Quadrado \u00e9 Mestre em Gest\u00e3o e Valoriza\u00e7\u00e3o do Patrim\u00f3nio Hist\u00f3rico Cultural, especializada em Patrim\u00f3nio Art\u00edstico e Hist\u00f3ria da Arte pela Universidade de \u00c9vora, Escola de Ci\u00eancias Sociais (2024). Licenciou-se em Patrim\u00f3nio Cultural, com especializa\u00e7\u00e3o em Turismo Cultural, tamb\u00e9m pela Universidade de \u00c9vora. Atualmente colabora no Instituto de Hist\u00f3ria Contempor\u00e2nea da Universidade de [&hellip;]<\/p>\n","protected":false},"author":7,"featured_media":0,"parent":0,"menu_order":0,"comment_status":"closed","ping_status":"closed","template":"elementor_header_footer","meta":{"footnotes":""},"class_list":["post-766","page","type-page","status-publish","hentry"],"yoast_head":"<!-- This site is optimized with the Yoast SEO plugin v24.7 - https:\/\/yoast.com\/wordpress\/plugins\/seo\/ -->\n<title>Paula Quadrado - Know \u00c1frica<\/title>\n<meta name=\"robots\" content=\"index, follow, max-snippet:-1, max-image-preview:large, max-video-preview:-1\" \/>\n<link rel=\"canonical\" href=\"https:\/\/www.knowafrica.uevora.pt\/en\/paula-quadrado\/\" \/>\n<meta property=\"og:locale\" content=\"en_GB\" \/>\n<meta property=\"og:type\" content=\"article\" \/>\n<meta property=\"og:title\" content=\"Paula Quadrado - Know \u00c1frica\" \/>\n<meta property=\"og:description\" content=\"Paula Quadrado Paula Quadrado \u00e9 Mestre em Gest\u00e3o e Valoriza\u00e7\u00e3o do Patrim\u00f3nio Hist\u00f3rico Cultural, especializada em Patrim\u00f3nio Art\u00edstico e Hist\u00f3ria da Arte pela Universidade de \u00c9vora, Escola de Ci\u00eancias Sociais (2024). Licenciou-se em Patrim\u00f3nio Cultural, com especializa\u00e7\u00e3o em Turismo Cultural, tamb\u00e9m pela Universidade de \u00c9vora. Atualmente colabora no Instituto de Hist\u00f3ria Contempor\u00e2nea da Universidade de [&hellip;]\" \/>\n<meta property=\"og:url\" content=\"https:\/\/www.knowafrica.uevora.pt\/en\/paula-quadrado\/\" \/>\n<meta property=\"og:site_name\" content=\"Know \u00c1frica\" \/>\n<meta property=\"article:modified_time\" content=\"2024-10-24T09:58:16+00:00\" \/>\n<meta property=\"og:image\" content=\"https:\/\/www.knowafrica.uevora.pt\/wp-content\/uploads\/2024\/10\/Paula_bw.jpg\" \/>\n<meta name=\"twitter:card\" content=\"summary_large_image\" \/>\n<script type=\"application\/ld+json\" class=\"yoast-schema-graph\">{\"@context\":\"https:\/\/schema.org\",\"@graph\":[{\"@type\":\"WebPage\",\"@id\":\"https:\/\/www.knowafrica.uevora.pt\/paula-quadrado\/\",\"url\":\"https:\/\/www.knowafrica.uevora.pt\/paula-quadrado\/\",\"name\":\"Paula Quadrado - Know \u00c1frica\",\"isPartOf\":{\"@id\":\"https:\/\/www.knowafrica.uevora.pt\/#website\"},\"primaryImageOfPage\":{\"@id\":\"https:\/\/www.knowafrica.uevora.pt\/paula-quadrado\/#primaryimage\"},\"image\":{\"@id\":\"https:\/\/www.knowafrica.uevora.pt\/paula-quadrado\/#primaryimage\"},\"thumbnailUrl\":\"https:\/\/www.knowafrica.uevora.pt\/wp-content\/uploads\/2024\/10\/Paula_bw.jpg\",\"datePublished\":\"2024-10-21T14:21:48+00:00\",\"dateModified\":\"2024-10-24T09:58:16+00:00\",\"inLanguage\":\"en-GB\",\"potentialAction\":[{\"@type\":\"ReadAction\",\"target\":[\"https:\/\/www.knowafrica.uevora.pt\/paula-quadrado\/\"]}]},{\"@type\":\"ImageObject\",\"inLanguage\":\"en-GB\",\"@id\":\"https:\/\/www.knowafrica.uevora.pt\/paula-quadrado\/#primaryimage\",\"url\":\"https:\/\/www.knowafrica.uevora.pt\/wp-content\/uploads\/2024\/10\/Paula_bw.jpg\",\"contentUrl\":\"https:\/\/www.knowafrica.uevora.pt\/wp-content\/uploads\/2024\/10\/Paula_bw.jpg\"},{\"@type\":\"WebSite\",\"@id\":\"https:\/\/www.knowafrica.uevora.pt\/#website\",\"url\":\"https:\/\/www.knowafrica.uevora.pt\/\",\"name\":\"Know \u00c1frica\",\"description\":\"redes de conhecimento na \u00c1frica Oitocentista\",\"publisher\":{\"@id\":\"https:\/\/www.knowafrica.uevora.pt\/#organization\"},\"potentialAction\":[{\"@type\":\"SearchAction\",\"target\":{\"@type\":\"EntryPoint\",\"urlTemplate\":\"https:\/\/www.knowafrica.uevora.pt\/?s={search_term_string}\"},\"query-input\":{\"@type\":\"PropertyValueSpecification\",\"valueRequired\":true,\"valueName\":\"search_term_string\"}}],\"inLanguage\":\"en-GB\"},{\"@type\":\"Organization\",\"@id\":\"https:\/\/www.knowafrica.uevora.pt\/#organization\",\"name\":\"Know \u00c1frica\",\"url\":\"https:\/\/www.knowafrica.uevora.pt\/\",\"logo\":{\"@type\":\"ImageObject\",\"inLanguage\":\"en-GB\",\"@id\":\"https:\/\/www.knowafrica.uevora.pt\/#\/schema\/logo\/image\/\",\"url\":\"https:\/\/www.knowafrica.uevora.pt\/wp-content\/uploads\/2024\/02\/cropped-know-africa.png\",\"contentUrl\":\"https:\/\/www.knowafrica.uevora.pt\/wp-content\/uploads\/2024\/02\/cropped-know-africa.png\",\"width\":1538,\"height\":1538,\"caption\":\"Know \u00c1frica\"},\"image\":{\"@id\":\"https:\/\/www.knowafrica.uevora.pt\/#\/schema\/logo\/image\/\"}}]}<\/script>\n<!-- \/ Yoast SEO plugin. -->","yoast_head_json":{"title":"Paula Quadrado - Know \u00c1frica","robots":{"index":"index","follow":"follow","max-snippet":"max-snippet:-1","max-image-preview":"max-image-preview:large","max-video-preview":"max-video-preview:-1"},"canonical":"https:\/\/www.knowafrica.uevora.pt\/en\/paula-quadrado\/","og_locale":"en_GB","og_type":"article","og_title":"Paula Quadrado - Know \u00c1frica","og_description":"Paula Quadrado Paula Quadrado \u00e9 Mestre em Gest\u00e3o e Valoriza\u00e7\u00e3o do Patrim\u00f3nio Hist\u00f3rico Cultural, especializada em Patrim\u00f3nio Art\u00edstico e Hist\u00f3ria da Arte pela Universidade de \u00c9vora, Escola de Ci\u00eancias Sociais (2024). Licenciou-se em Patrim\u00f3nio Cultural, com especializa\u00e7\u00e3o em Turismo Cultural, tamb\u00e9m pela Universidade de \u00c9vora. Atualmente colabora no Instituto de Hist\u00f3ria Contempor\u00e2nea da Universidade de [&hellip;]","og_url":"https:\/\/www.knowafrica.uevora.pt\/en\/paula-quadrado\/","og_site_name":"Know \u00c1frica","article_modified_time":"2024-10-24T09:58:16+00:00","og_image":[{"url":"https:\/\/www.knowafrica.uevora.pt\/wp-content\/uploads\/2024\/10\/Paula_bw.jpg","type":"","width":"","height":""}],"twitter_card":"summary_large_image","schema":{"@context":"https:\/\/schema.org","@graph":[{"@type":"WebPage","@id":"https:\/\/www.knowafrica.uevora.pt\/paula-quadrado\/","url":"https:\/\/www.knowafrica.uevora.pt\/paula-quadrado\/","name":"Paula Quadrado - Know \u00c1frica","isPartOf":{"@id":"https:\/\/www.knowafrica.uevora.pt\/#website"},"primaryImageOfPage":{"@id":"https:\/\/www.knowafrica.uevora.pt\/paula-quadrado\/#primaryimage"},"image":{"@id":"https:\/\/www.knowafrica.uevora.pt\/paula-quadrado\/#primaryimage"},"thumbnailUrl":"https:\/\/www.knowafrica.uevora.pt\/wp-content\/uploads\/2024\/10\/Paula_bw.jpg","datePublished":"2024-10-21T14:21:48+00:00","dateModified":"2024-10-24T09:58:16+00:00","inLanguage":"en-GB","potentialAction":[{"@type":"ReadAction","target":["https:\/\/www.knowafrica.uevora.pt\/paula-quadrado\/"]}]},{"@type":"ImageObject","inLanguage":"en-GB","@id":"https:\/\/www.knowafrica.uevora.pt\/paula-quadrado\/#primaryimage","url":"https:\/\/www.knowafrica.uevora.pt\/wp-content\/uploads\/2024\/10\/Paula_bw.jpg","contentUrl":"https:\/\/www.knowafrica.uevora.pt\/wp-content\/uploads\/2024\/10\/Paula_bw.jpg"},{"@type":"WebSite","@id":"https:\/\/www.knowafrica.uevora.pt\/#website","url":"https:\/\/www.knowafrica.uevora.pt\/","name":"Know Africa","description":"redes de conhecimento na \u00c1frica Oitocentista","publisher":{"@id":"https:\/\/www.knowafrica.uevora.pt\/#organization"},"potentialAction":[{"@type":"SearchAction","target":{"@type":"EntryPoint","urlTemplate":"https:\/\/www.knowafrica.uevora.pt\/?s={search_term_string}"},"query-input":{"@type":"PropertyValueSpecification","valueRequired":true,"valueName":"search_term_string"}}],"inLanguage":"en-GB"},{"@type":"Organization","@id":"https:\/\/www.knowafrica.uevora.pt\/#organization","name":"Know Africa","url":"https:\/\/www.knowafrica.uevora.pt\/","logo":{"@type":"ImageObject","inLanguage":"en-GB","@id":"https:\/\/www.knowafrica.uevora.pt\/#\/schema\/logo\/image\/","url":"https:\/\/www.knowafrica.uevora.pt\/wp-content\/uploads\/2024\/02\/cropped-know-africa.png","contentUrl":"https:\/\/www.knowafrica.uevora.pt\/wp-content\/uploads\/2024\/02\/cropped-know-africa.png","width":1538,"height":1538,"caption":"Know \u00c1frica"},"image":{"@id":"https:\/\/www.knowafrica.uevora.pt\/#\/schema\/logo\/image\/"}}]}},"_links":{"self":[{"href":"https:\/\/www.knowafrica.uevora.pt\/en\/wp-json\/wp\/v2\/pages\/766","targetHints":{"allow":["GET"]}}],"collection":[{"href":"https:\/\/www.knowafrica.uevora.pt\/en\/wp-json\/wp\/v2\/pages"}],"about":[{"href":"https:\/\/www.knowafrica.uevora.pt\/en\/wp-json\/wp\/v2\/types\/page"}],"author":[{"embeddable":true,"href":"https:\/\/www.knowafrica.uevora.pt\/en\/wp-json\/wp\/v2\/users\/7"}],"replies":[{"embeddable":true,"href":"https:\/\/www.knowafrica.uevora.pt\/en\/wp-json\/wp\/v2\/comments?post=766"}],"version-history":[{"count":17,"href":"https:\/\/www.knowafrica.uevora.pt\/en\/wp-json\/wp\/v2\/pages\/766\/revisions"}],"predecessor-version":[{"id":845,"href":"https:\/\/www.knowafrica.uevora.pt\/en\/wp-json\/wp\/v2\/pages\/766\/revisions\/845"}],"wp:attachment":[{"href":"https:\/\/www.knowafrica.uevora.pt\/en\/wp-json\/wp\/v2\/media?parent=766"}],"curies":[{"name":"wp","href":"https:\/\/api.w.org\/{rel}","templated":true}]}}