{"id":203,"date":"2024-02-16T11:10:32","date_gmt":"2024-02-16T11:10:32","guid":{"rendered":"https:\/\/www.knowafrica.uevora.pt\/?page_id=203"},"modified":"2024-10-24T10:06:39","modified_gmt":"2024-10-24T10:06:39","slug":"silvia-figueiroa","status":"publish","type":"page","link":"https:\/\/www.knowafrica.uevora.pt\/en\/silvia-figueiroa\/","title":{"rendered":"Silvia Figueir\u00f4a"},"content":{"rendered":"\t\t<div data-elementor-type=\"wp-page\" data-elementor-id=\"203\" class=\"elementor elementor-203\" data-elementor-post-type=\"page\">\n\t\t\t\t<div class=\"elementor-element elementor-element-e2b73ef e-flex e-con-boxed e-con e-parent\" data-id=\"e2b73ef\" data-element_type=\"container\" data-settings=\"{&quot;background_background&quot;:&quot;classic&quot;}\">\n\t\t\t\t\t<div class=\"e-con-inner\">\n\t\t\t\t<div class=\"elementor-element elementor-element-62c41ce elementor-widget elementor-widget-heading\" data-id=\"62c41ce\" data-element_type=\"widget\" data-widget_type=\"heading.default\">\n\t\t\t\t<div class=\"elementor-widget-container\">\n\t\t\t\t\t<h2 class=\"elementor-heading-title elementor-size-default\">Silvia Figueir\u00f4a<\/h2>\t\t\t\t<\/div>\n\t\t\t\t<\/div>\n\t\t\t\t\t<\/div>\n\t\t\t\t<\/div>\n\t\t<div class=\"elementor-element elementor-element-dd09a01 e-flex e-con-boxed e-con e-parent\" data-id=\"dd09a01\" data-element_type=\"container\" data-settings=\"{&quot;background_background&quot;:&quot;classic&quot;}\">\n\t\t\t\t\t<div class=\"e-con-inner\">\n\t\t<div class=\"elementor-element elementor-element-c0d125f e-con-full e-flex elementor-invisible e-con e-child\" data-id=\"c0d125f\" data-element_type=\"container\" data-settings=\"{&quot;animation&quot;:&quot;fadeInDown&quot;,&quot;motion_fx_motion_fx_scrolling&quot;:&quot;yes&quot;,&quot;motion_fx_translateY_effect&quot;:&quot;yes&quot;,&quot;motion_fx_translateY_direction&quot;:&quot;negative&quot;,&quot;motion_fx_translateY_speed&quot;:{&quot;unit&quot;:&quot;px&quot;,&quot;size&quot;:100,&quot;sizes&quot;:[]},&quot;motion_fx_translateY_affectedRange&quot;:{&quot;unit&quot;:&quot;%&quot;,&quot;size&quot;:&quot;&quot;,&quot;sizes&quot;:{&quot;start&quot;:50,&quot;end&quot;:56}},&quot;motion_fx_range&quot;:&quot;viewport&quot;,&quot;motion_fx_devices&quot;:[&quot;desktop&quot;,&quot;tablet&quot;,&quot;mobile&quot;]}\">\n\t\t\t\t<div class=\"elementor-element elementor-element-26abd01 elementor-widget elementor-widget-image\" data-id=\"26abd01\" data-element_type=\"widget\" data-widget_type=\"image.default\">\n\t\t\t\t<div class=\"elementor-widget-container\">\n\t\t\t\t\t\t\t\t\t\t\t\t\t\t\t<img fetchpriority=\"high\" decoding=\"async\" width=\"339\" height=\"313\" src=\"https:\/\/www.knowafrica.uevora.pt\/wp-content\/uploads\/2024\/02\/Silvia-Figueiroa_quadrado.png\" class=\"attachment-large size-large wp-image-416\" alt=\"Silvia Figueir\u00f4a\" srcset=\"https:\/\/www.knowafrica.uevora.pt\/wp-content\/uploads\/2024\/02\/Silvia-Figueiroa_quadrado.png 339w, https:\/\/www.knowafrica.uevora.pt\/wp-content\/uploads\/2024\/02\/Silvia-Figueiroa_quadrado-300x277.png 300w\" sizes=\"(max-width: 339px) 100vw, 339px\" \/>\t\t\t\t\t\t\t\t\t\t\t\t\t\t\t<\/div>\n\t\t\t\t<\/div>\n\t\t\t\t<\/div>\n\t\t<div class=\"elementor-element elementor-element-6c9f38e e-con-full e-flex elementor-invisible e-con e-child\" data-id=\"6c9f38e\" data-element_type=\"container\" data-settings=\"{&quot;animation&quot;:&quot;fadeInUp&quot;}\">\n\t\t\t\t<div class=\"elementor-element elementor-element-9a157be elementor-widget elementor-widget-text-editor\" data-id=\"9a157be\" data-element_type=\"widget\" data-widget_type=\"text-editor.default\">\n\t\t\t\t<div class=\"elementor-widget-container\">\n\t\t\t\t\t\t\t\t\t<p style=\"text-align: justify;\"><b>Silvia Fernanda de Mendon\u00e7a Figueir\u00f4a<\/b> \u00e9 ge\u00f3loga pela Universidade de S\u00e3o Paulo (1981), mestre (1987) e doutora (1992) em Hist\u00f3ria Social pela Universidade de S\u00e3o Paulo, ambas com especializa\u00e7\u00e3o em Hist\u00f3ria das Ci\u00eancias. Obteve a livre-doc\u00eancia em 2001 pela Universidade Estadual de Campinas (UNICAMP) e tornou-se professora titular em 2006. Realizou seu p\u00f3s-doutorado no Centre Alexandre Koyr\u00e9 d\u2019Histoire des Sciences et des Techniques (Fran\u00e7a, 2002). De 1987 a 2013 foi professora no Instituto de Geoci\u00eancias da UNICAMP, onde exerceu o cargo de Diretora (2009-2013). A partir de 2014, integrou a Faculdade de Educa\u00e7\u00e3o da UNICAMP. Possui experi\u00eancia na \u00e1rea de Hist\u00f3ria, com \u00eanfase em Hist\u00f3ria das Ci\u00eancias, bem como no Ensino de (Geo)Ci\u00eancias e na tem\u00e1tica de arquivos cient\u00edficos, trabalhando principalmente com os seguintes temas: Hist\u00f3ria das Ci\u00eancias e Geoci\u00eancias, com \u00eanfase no Brasil; rela\u00e7\u00f5es entre hist\u00f3ria da ci\u00eancia e ensino; e documenta\u00e7\u00e3o cient\u00edfica\/tecnol\u00f3gica. Atua nos n\u00edveis de gradua\u00e7\u00e3o e p\u00f3s-gradua\u00e7\u00e3o, orientando inicia\u00e7\u00e3o cient\u00edfica, pesquisas de mestrado e doutorado, al\u00e9m de supervisionar p\u00f3s-doutorados. Participa das seguintes associa\u00e7\u00f5es cient\u00edficas: Membro, desde 1987, da International Commission on the History of Geological Sciences (INHIGEO \u2013 IUPHS\/IUGS), onde exerceu a presid\u00eancia de 2008 a 2012; Presidente da Sociedade Latino-Americana de Hist\u00f3ria da Ci\u00eancia e Tecnologia (SLHCT) (1995-1998); Conselheira (1997-1999 e 2015-2017), Presidente-eleita (1999-2001) e Presidente (2001-2002) da History of Earth Sciences Society (HESS); Presidente da International Commission Science &#038; Empires (IUPHS-DHS) (2001-2005). Membro Correspondente da Academia Internacional de Hist\u00f3ria das Ci\u00eancias (IAHS) (desde 2019).<\/p>\t\t\t\t\t\t\t\t<\/div>\n\t\t\t\t<\/div>\n\t\t\t\t<div class=\"elementor-element elementor-element-b70613b elementor-widget-divider--view-line elementor-widget elementor-widget-divider\" data-id=\"b70613b\" data-element_type=\"widget\" data-widget_type=\"divider.default\">\n\t\t\t\t<div class=\"elementor-widget-container\">\n\t\t\t\t\t\t\t<div class=\"elementor-divider\">\n\t\t\t<span class=\"elementor-divider-separator\">\n\t\t\t\t\t\t<\/span>\n\t\t<\/div>\n\t\t\t\t\t\t<\/div>\n\t\t\t\t<\/div>\n\t\t\t\t<div class=\"elementor-element elementor-element-6087e02 elementor-widget elementor-widget-text-editor\" data-id=\"6087e02\" data-element_type=\"widget\" data-widget_type=\"text-editor.default\">\n\t\t\t\t<div class=\"elementor-widget-container\">\n\t\t\t\t\t\t\t\t\t<p style=\"text-align: justify;\">\n<b>Silvia Fernanda de Mendon\u00e7a Figueir\u00f4a<\/b>, Geologist from the University of S\u00e3o Paulo (1981), master (1987) and doctorate (1992) in Social History from the University of S\u00e3o Paulo, both in the speciality of History of Sciences. She obtained her professorship in 2001 at the State University of Campinas and became a full professor in 2006. Her post-doctorate was at the Center Alexandre Koyr\u00e9 d&#8217;Histoire des Sciences et des Techniques (France, 2002). From 1987 until 2013 she was a professor at the Geosciences Institute at UNICAMP, where she held the position of Director (2009-2013). From 2014 onwards, he joined the Faculty of Education at UNICAMP. He has experience in the area of History, with an emphasis on History of Sciences, as well as Teaching (Geo)Sciences and the theme of scientific archives, working mainly on the following themes: History of sciences and Geosciences, with an emphasis on Brazil; relationships between history of science and teaching; scientific\/technological documentation. He works at undergraduate and postgraduate levels, guiding scientific initiation, master&#8217;s and doctoral research, as well as supervising post-doctorates. Participates in the following scientific associations: Member, since 1987, of the International Commission on the History of Geological Sciences (INHIGEO &#8211; IUPHS\/IUGS), holding the presidency from 2008 to 2012; President of the Latin American Society for the History of Science and Technology (SLHCT) (1995-1998); Councilor (1997-1999 and 2015-2017), President-elect (1999-2001) and President (2001-2002) of the History of Earth Sciences Society (HESS); President of the International Commission Science &amp; Empires (IUPHS-DHS) (2001 to 2005). Corresponding Member of the International Academy of the History of Sciences (IAHS) (from 2019).<\/p>\t\t\t\t\t\t\t\t<\/div>\n\t\t\t\t<\/div>\n\t\t\t\t<div class=\"elementor-element elementor-element-b1089a1 elementor-widget elementor-widget-text-editor\" data-id=\"b1089a1\" data-element_type=\"widget\" data-widget_type=\"text-editor.default\">\n\t\t\t\t<div class=\"elementor-widget-container\">\n\t\t\t\t\t\t\t\t\t<a href=\"https:\/\/orcid.org\/0000-0001-7133-7848\">Orcid\u00a0<\/a>\t\t\t\t\t\t\t\t<\/div>\n\t\t\t\t<\/div>\n\t\t\t\t<div class=\"elementor-element elementor-element-a157b70 elementor-widget elementor-widget-text-editor\" data-id=\"a157b70\" data-element_type=\"widget\" data-widget_type=\"text-editor.default\">\n\t\t\t\t<div class=\"elementor-widget-container\">\n\t\t\t\t\t\t\t\t\t<a href=\"http:\/\/lattes.cnpq.br\/6595967944149712\">Curr\u00edculo Lattes<\/a>\t\t\t\t\t\t\t\t<\/div>\n\t\t\t\t<\/div>\n\t\t\t\t<\/div>\n\t\t\t\t\t<\/div>\n\t\t\t\t<\/div>\n\t\t<div class=\"elementor-element elementor-element-d91d418 e-flex e-con-boxed e-con e-parent\" data-id=\"d91d418\" data-element_type=\"container\">\n\t\t\t\t\t<div class=\"e-con-inner\">\n\t\t\t\t\t<\/div>\n\t\t\t\t<\/div>\n\t\t\t\t<\/div>\n\t\t","protected":false},"excerpt":{"rendered":"<p>Silvia Figueir\u00f4a Silvia Fernanda de Mendon\u00e7a Figueir\u00f4a \u00e9 ge\u00f3loga pela Universidade de S\u00e3o Paulo (1981), mestre (1987) e doutora (1992) em Hist\u00f3ria Social pela Universidade de S\u00e3o Paulo, ambas com especializa\u00e7\u00e3o em Hist\u00f3ria das Ci\u00eancias. Obteve a livre-doc\u00eancia em 2001 pela Universidade Estadual de Campinas (UNICAMP) e tornou-se professora titular em 2006. Realizou seu p\u00f3s-doutorado [&hellip;]<\/p>\n","protected":false},"author":1,"featured_media":0,"parent":0,"menu_order":0,"comment_status":"closed","ping_status":"closed","template":"elementor_header_footer","meta":{"footnotes":""},"class_list":["post-203","page","type-page","status-publish","hentry"],"yoast_head":"<!-- This site is optimized with the Yoast SEO plugin v24.7 - https:\/\/yoast.com\/wordpress\/plugins\/seo\/ -->\n<title>Silvia Figueir\u00f4a - Know \u00c1frica<\/title>\n<meta name=\"robots\" content=\"index, follow, max-snippet:-1, max-image-preview:large, max-video-preview:-1\" \/>\n<link rel=\"canonical\" href=\"https:\/\/www.knowafrica.uevora.pt\/en\/silvia-figueiroa\/\" \/>\n<meta property=\"og:locale\" content=\"en_GB\" \/>\n<meta property=\"og:type\" content=\"article\" \/>\n<meta property=\"og:title\" content=\"Silvia Figueir\u00f4a - Know \u00c1frica\" \/>\n<meta property=\"og:description\" content=\"Silvia Figueir\u00f4a Silvia Fernanda de Mendon\u00e7a Figueir\u00f4a \u00e9 ge\u00f3loga pela Universidade de S\u00e3o Paulo (1981), mestre (1987) e doutora (1992) em Hist\u00f3ria Social pela Universidade de S\u00e3o Paulo, ambas com especializa\u00e7\u00e3o em Hist\u00f3ria das Ci\u00eancias. Obteve a livre-doc\u00eancia em 2001 pela Universidade Estadual de Campinas (UNICAMP) e tornou-se professora titular em 2006. Realizou seu p\u00f3s-doutorado [&hellip;]\" \/>\n<meta property=\"og:url\" content=\"https:\/\/www.knowafrica.uevora.pt\/en\/silvia-figueiroa\/\" \/>\n<meta property=\"og:site_name\" content=\"Know \u00c1frica\" \/>\n<meta property=\"article:modified_time\" content=\"2024-10-24T10:06:39+00:00\" \/>\n<meta property=\"og:image\" content=\"https:\/\/www.knowafrica.uevora.pt\/wp-content\/uploads\/2024\/02\/Silvia-Figueiroa_quadrado.png\" \/>\n<meta name=\"twitter:card\" content=\"summary_large_image\" \/>\n<meta name=\"twitter:label1\" content=\"Estimated reading time\" \/>\n\t<meta name=\"twitter:data1\" content=\"3 minutes\" \/>\n<script type=\"application\/ld+json\" class=\"yoast-schema-graph\">{\"@context\":\"https:\/\/schema.org\",\"@graph\":[{\"@type\":\"WebPage\",\"@id\":\"https:\/\/www.knowafrica.uevora.pt\/silvia-figueiroa\/\",\"url\":\"https:\/\/www.knowafrica.uevora.pt\/silvia-figueiroa\/\",\"name\":\"Silvia Figueir\u00f4a - Know \u00c1frica\",\"isPartOf\":{\"@id\":\"https:\/\/www.knowafrica.uevora.pt\/#website\"},\"primaryImageOfPage\":{\"@id\":\"https:\/\/www.knowafrica.uevora.pt\/silvia-figueiroa\/#primaryimage\"},\"image\":{\"@id\":\"https:\/\/www.knowafrica.uevora.pt\/silvia-figueiroa\/#primaryimage\"},\"thumbnailUrl\":\"https:\/\/www.knowafrica.uevora.pt\/wp-content\/uploads\/2024\/02\/Silvia-Figueiroa_quadrado.png\",\"datePublished\":\"2024-02-16T11:10:32+00:00\",\"dateModified\":\"2024-10-24T10:06:39+00:00\",\"inLanguage\":\"en-GB\",\"potentialAction\":[{\"@type\":\"ReadAction\",\"target\":[\"https:\/\/www.knowafrica.uevora.pt\/silvia-figueiroa\/\"]}]},{\"@type\":\"ImageObject\",\"inLanguage\":\"en-GB\",\"@id\":\"https:\/\/www.knowafrica.uevora.pt\/silvia-figueiroa\/#primaryimage\",\"url\":\"https:\/\/www.knowafrica.uevora.pt\/wp-content\/uploads\/2024\/02\/Silvia-Figueiroa_quadrado.png\",\"contentUrl\":\"https:\/\/www.knowafrica.uevora.pt\/wp-content\/uploads\/2024\/02\/Silvia-Figueiroa_quadrado.png\"},{\"@type\":\"WebSite\",\"@id\":\"https:\/\/www.knowafrica.uevora.pt\/#website\",\"url\":\"https:\/\/www.knowafrica.uevora.pt\/\",\"name\":\"Know \u00c1frica\",\"description\":\"redes de conhecimento na \u00c1frica Oitocentista\",\"publisher\":{\"@id\":\"https:\/\/www.knowafrica.uevora.pt\/#organization\"},\"potentialAction\":[{\"@type\":\"SearchAction\",\"target\":{\"@type\":\"EntryPoint\",\"urlTemplate\":\"https:\/\/www.knowafrica.uevora.pt\/?s={search_term_string}\"},\"query-input\":{\"@type\":\"PropertyValueSpecification\",\"valueRequired\":true,\"valueName\":\"search_term_string\"}}],\"inLanguage\":\"en-GB\"},{\"@type\":\"Organization\",\"@id\":\"https:\/\/www.knowafrica.uevora.pt\/#organization\",\"name\":\"Know \u00c1frica\",\"url\":\"https:\/\/www.knowafrica.uevora.pt\/\",\"logo\":{\"@type\":\"ImageObject\",\"inLanguage\":\"en-GB\",\"@id\":\"https:\/\/www.knowafrica.uevora.pt\/#\/schema\/logo\/image\/\",\"url\":\"https:\/\/www.knowafrica.uevora.pt\/wp-content\/uploads\/2024\/02\/cropped-know-africa.png\",\"contentUrl\":\"https:\/\/www.knowafrica.uevora.pt\/wp-content\/uploads\/2024\/02\/cropped-know-africa.png\",\"width\":1538,\"height\":1538,\"caption\":\"Know \u00c1frica\"},\"image\":{\"@id\":\"https:\/\/www.knowafrica.uevora.pt\/#\/schema\/logo\/image\/\"}}]}<\/script>\n<!-- \/ Yoast SEO plugin. -->","yoast_head_json":{"title":"Silvia Figueir\u00f4a - Know \u00c1frica","robots":{"index":"index","follow":"follow","max-snippet":"max-snippet:-1","max-image-preview":"max-image-preview:large","max-video-preview":"max-video-preview:-1"},"canonical":"https:\/\/www.knowafrica.uevora.pt\/en\/silvia-figueiroa\/","og_locale":"en_GB","og_type":"article","og_title":"Silvia Figueir\u00f4a - Know \u00c1frica","og_description":"Silvia Figueir\u00f4a Silvia Fernanda de Mendon\u00e7a Figueir\u00f4a \u00e9 ge\u00f3loga pela Universidade de S\u00e3o Paulo (1981), mestre (1987) e doutora (1992) em Hist\u00f3ria Social pela Universidade de S\u00e3o Paulo, ambas com especializa\u00e7\u00e3o em Hist\u00f3ria das Ci\u00eancias. Obteve a livre-doc\u00eancia em 2001 pela Universidade Estadual de Campinas (UNICAMP) e tornou-se professora titular em 2006. Realizou seu p\u00f3s-doutorado [&hellip;]","og_url":"https:\/\/www.knowafrica.uevora.pt\/en\/silvia-figueiroa\/","og_site_name":"Know \u00c1frica","article_modified_time":"2024-10-24T10:06:39+00:00","og_image":[{"url":"https:\/\/www.knowafrica.uevora.pt\/wp-content\/uploads\/2024\/02\/Silvia-Figueiroa_quadrado.png","type":"","width":"","height":""}],"twitter_card":"summary_large_image","twitter_misc":{"Estimated reading time":"3 minutes"},"schema":{"@context":"https:\/\/schema.org","@graph":[{"@type":"WebPage","@id":"https:\/\/www.knowafrica.uevora.pt\/silvia-figueiroa\/","url":"https:\/\/www.knowafrica.uevora.pt\/silvia-figueiroa\/","name":"Silvia Figueir\u00f4a - Know \u00c1frica","isPartOf":{"@id":"https:\/\/www.knowafrica.uevora.pt\/#website"},"primaryImageOfPage":{"@id":"https:\/\/www.knowafrica.uevora.pt\/silvia-figueiroa\/#primaryimage"},"image":{"@id":"https:\/\/www.knowafrica.uevora.pt\/silvia-figueiroa\/#primaryimage"},"thumbnailUrl":"https:\/\/www.knowafrica.uevora.pt\/wp-content\/uploads\/2024\/02\/Silvia-Figueiroa_quadrado.png","datePublished":"2024-02-16T11:10:32+00:00","dateModified":"2024-10-24T10:06:39+00:00","inLanguage":"en-GB","potentialAction":[{"@type":"ReadAction","target":["https:\/\/www.knowafrica.uevora.pt\/silvia-figueiroa\/"]}]},{"@type":"ImageObject","inLanguage":"en-GB","@id":"https:\/\/www.knowafrica.uevora.pt\/silvia-figueiroa\/#primaryimage","url":"https:\/\/www.knowafrica.uevora.pt\/wp-content\/uploads\/2024\/02\/Silvia-Figueiroa_quadrado.png","contentUrl":"https:\/\/www.knowafrica.uevora.pt\/wp-content\/uploads\/2024\/02\/Silvia-Figueiroa_quadrado.png"},{"@type":"WebSite","@id":"https:\/\/www.knowafrica.uevora.pt\/#website","url":"https:\/\/www.knowafrica.uevora.pt\/","name":"Know Africa","description":"redes de conhecimento na \u00c1frica Oitocentista","publisher":{"@id":"https:\/\/www.knowafrica.uevora.pt\/#organization"},"potentialAction":[{"@type":"SearchAction","target":{"@type":"EntryPoint","urlTemplate":"https:\/\/www.knowafrica.uevora.pt\/?s={search_term_string}"},"query-input":{"@type":"PropertyValueSpecification","valueRequired":true,"valueName":"search_term_string"}}],"inLanguage":"en-GB"},{"@type":"Organization","@id":"https:\/\/www.knowafrica.uevora.pt\/#organization","name":"Know Africa","url":"https:\/\/www.knowafrica.uevora.pt\/","logo":{"@type":"ImageObject","inLanguage":"en-GB","@id":"https:\/\/www.knowafrica.uevora.pt\/#\/schema\/logo\/image\/","url":"https:\/\/www.knowafrica.uevora.pt\/wp-content\/uploads\/2024\/02\/cropped-know-africa.png","contentUrl":"https:\/\/www.knowafrica.uevora.pt\/wp-content\/uploads\/2024\/02\/cropped-know-africa.png","width":1538,"height":1538,"caption":"Know \u00c1frica"},"image":{"@id":"https:\/\/www.knowafrica.uevora.pt\/#\/schema\/logo\/image\/"}}]}},"_links":{"self":[{"href":"https:\/\/www.knowafrica.uevora.pt\/en\/wp-json\/wp\/v2\/pages\/203","targetHints":{"allow":["GET"]}}],"collection":[{"href":"https:\/\/www.knowafrica.uevora.pt\/en\/wp-json\/wp\/v2\/pages"}],"about":[{"href":"https:\/\/www.knowafrica.uevora.pt\/en\/wp-json\/wp\/v2\/types\/page"}],"author":[{"embeddable":true,"href":"https:\/\/www.knowafrica.uevora.pt\/en\/wp-json\/wp\/v2\/users\/1"}],"replies":[{"embeddable":true,"href":"https:\/\/www.knowafrica.uevora.pt\/en\/wp-json\/wp\/v2\/comments?post=203"}],"version-history":[{"count":47,"href":"https:\/\/www.knowafrica.uevora.pt\/en\/wp-json\/wp\/v2\/pages\/203\/revisions"}],"predecessor-version":[{"id":879,"href":"https:\/\/www.knowafrica.uevora.pt\/en\/wp-json\/wp\/v2\/pages\/203\/revisions\/879"}],"wp:attachment":[{"href":"https:\/\/www.knowafrica.uevora.pt\/en\/wp-json\/wp\/v2\/media?parent=203"}],"curies":[{"name":"wp","href":"https:\/\/api.w.org\/{rel}","templated":true}]}}