{"id":1206,"date":"2025-10-26T16:39:12","date_gmt":"2025-10-26T16:39:12","guid":{"rendered":"https:\/\/www.knowafrica.uevora.pt\/?page_id=1206"},"modified":"2025-10-26T16:39:13","modified_gmt":"2025-10-26T16:39:13","slug":"vasco-ramalho","status":"publish","type":"page","link":"https:\/\/www.knowafrica.uevora.pt\/en\/vasco-ramalho\/","title":{"rendered":"Vasco Ramalho"},"content":{"rendered":"\t\t<div data-elementor-type=\"wp-page\" data-elementor-id=\"1206\" class=\"elementor elementor-1206\" data-elementor-post-type=\"page\">\n\t\t\t\t<div class=\"elementor-element elementor-element-e2b73ef e-flex e-con-boxed e-con e-parent\" data-id=\"e2b73ef\" data-element_type=\"container\" data-settings=\"{&quot;background_background&quot;:&quot;classic&quot;}\">\n\t\t\t\t\t<div class=\"e-con-inner\">\n\t\t\t\t<div class=\"elementor-element elementor-element-62c41ce elementor-widget elementor-widget-heading\" data-id=\"62c41ce\" data-element_type=\"widget\" data-widget_type=\"heading.default\">\n\t\t\t\t<div class=\"elementor-widget-container\">\n\t\t\t\t\t<h2 class=\"elementor-heading-title elementor-size-default\">Vasco Ramalho<\/h2>\t\t\t\t<\/div>\n\t\t\t\t<\/div>\n\t\t\t\t\t<\/div>\n\t\t\t\t<\/div>\n\t\t<div class=\"elementor-element elementor-element-dd09a01 e-flex e-con-boxed e-con e-parent\" data-id=\"dd09a01\" data-element_type=\"container\" data-settings=\"{&quot;background_background&quot;:&quot;classic&quot;}\">\n\t\t\t\t\t<div class=\"e-con-inner\">\n\t\t<div class=\"elementor-element elementor-element-c0d125f e-con-full e-flex elementor-invisible e-con e-child\" data-id=\"c0d125f\" data-element_type=\"container\" data-settings=\"{&quot;animation&quot;:&quot;fadeInDown&quot;,&quot;motion_fx_motion_fx_scrolling&quot;:&quot;yes&quot;,&quot;motion_fx_translateY_effect&quot;:&quot;yes&quot;,&quot;motion_fx_translateY_direction&quot;:&quot;negative&quot;,&quot;motion_fx_translateY_speed&quot;:{&quot;unit&quot;:&quot;px&quot;,&quot;size&quot;:100,&quot;sizes&quot;:[]},&quot;motion_fx_translateY_affectedRange&quot;:{&quot;unit&quot;:&quot;%&quot;,&quot;size&quot;:&quot;&quot;,&quot;sizes&quot;:{&quot;start&quot;:50,&quot;end&quot;:56}},&quot;motion_fx_devices&quot;:[&quot;desktop&quot;,&quot;tablet&quot;,&quot;mobile&quot;]}\">\n\t\t\t\t<div class=\"elementor-element elementor-element-f4db97c elementor-widget elementor-widget-image\" data-id=\"f4db97c\" data-element_type=\"widget\" data-widget_type=\"image.default\">\n\t\t\t\t<div class=\"elementor-widget-container\">\n\t\t\t\t\t\t\t\t\t\t\t\t\t\t\t<img fetchpriority=\"high\" decoding=\"async\" width=\"683\" height=\"1024\" src=\"https:\/\/www.knowafrica.uevora.pt\/wp-content\/uploads\/2025\/10\/foto-Vasco-683x1024.jpeg\" class=\"attachment-large size-large wp-image-1204\" alt=\"\" srcset=\"https:\/\/www.knowafrica.uevora.pt\/wp-content\/uploads\/2025\/10\/foto-Vasco-683x1024.jpeg 683w, https:\/\/www.knowafrica.uevora.pt\/wp-content\/uploads\/2025\/10\/foto-Vasco-200x300.jpeg 200w, https:\/\/www.knowafrica.uevora.pt\/wp-content\/uploads\/2025\/10\/foto-Vasco-768x1152.jpeg 768w, https:\/\/www.knowafrica.uevora.pt\/wp-content\/uploads\/2025\/10\/foto-Vasco-1024x1536.jpeg 1024w, https:\/\/www.knowafrica.uevora.pt\/wp-content\/uploads\/2025\/10\/foto-Vasco-1365x2048.jpeg 1365w, https:\/\/www.knowafrica.uevora.pt\/wp-content\/uploads\/2025\/10\/foto-Vasco-scaled.jpeg 1707w\" sizes=\"(max-width: 683px) 100vw, 683px\" \/>\t\t\t\t\t\t\t\t\t\t\t\t\t\t\t<\/div>\n\t\t\t\t<\/div>\n\t\t\t\t<\/div>\n\t\t<div class=\"elementor-element elementor-element-6c9f38e e-con-full e-flex elementor-invisible e-con e-child\" data-id=\"6c9f38e\" data-element_type=\"container\" data-settings=\"{&quot;animation&quot;:&quot;fadeInUp&quot;}\">\n\t\t\t\t<div class=\"elementor-element elementor-element-9a157be elementor-widget elementor-widget-text-editor\" data-id=\"9a157be\" data-element_type=\"widget\" data-widget_type=\"text-editor.default\">\n\t\t\t\t<div class=\"elementor-widget-container\">\n\t\t\t\t\t\t\t\t\t<p data-start=\"0\" data-end=\"588\"><strong>Vasco Ramalho<\/strong>, natural de Reguengos de Monsaraz, \u00e9 Mestre e Licenciado em Percuss\u00e3o pela Universidade de \u00c9vora, onde estudou com o Professor Doutor Eduardo Lopes, e encontra-se atualmente a realizar o Doutoramento em M\u00fasica e Musicologia na mesma institui\u00e7\u00e3o. Durante o seu percurso acad\u00e9mico, foi distinguido com uma Bolsa de M\u00e9rito durante dois anos consecutivos \u2014 pr\u00e9mio atribu\u00eddo aos melhores alunos de cada curso. Entre 2006 e 2008, concluiu uma P\u00f3s-Gradua\u00e7\u00e3o em Performance de Marimba Solo no Real Conservat\u00f3rio de Antu\u00e9rpia (B\u00e9lgica), sob a orienta\u00e7\u00e3o do Professor Ludwig Albert.<\/p><p data-start=\"590\" data-end=\"1186\">Como estudante, participou em diversos cursos e festivais internacionais, entre os quais o Zeltsman Marimba Festival (2003, Appleton, WI, EUA), Ludwig Albert Academy (2006, B\u00e9lgica), Keiko Abe Academy (2007, B\u00e9lgica) e IPEW (2008, Cro\u00e1cia). J\u00e1 como profissional, tem orientado in\u00fameras masterclasses e workshops em festivais nacionais e internacionais de percuss\u00e3o, como o Festival de M\u00fasica da Universidade de \u00c9vora (2013), Tomarimbando (2014, 2017 e 2021), Percussion Friends (2017, Conservatorium van Amsterdam) e FIP 2023 \u2013 Hallein International Percussion Festival (\u00c1ustria), entre outros.<\/p><p data-start=\"1188\" data-end=\"1779\">Dedicado ao desenvolvimento e \u00e0 expans\u00e3o do ensino da percuss\u00e3o nas regi\u00f5es do Alentejo e do Algarve, iniciou a sua carreira docente em 2003, tendo posteriormente fundado classes de percuss\u00e3o em sete conservat\u00f3rios e academias de m\u00fasica: Conservat\u00f3rio Regional do Alto Alentejo e Conservat\u00f3rio Regional do Baixo Alentejo (2005); Academia de M\u00fasica de Lagos e Conservat\u00f3rio de Portim\u00e3o (2006); Conservat\u00f3rio de Lagoa e Conservat\u00f3rio Regional de Vila Real de Santo Ant\u00f3nio (2007); e, mais recentemente, no Conservat\u00f3rio de M\u00fasica de Loul\u00e9 Francisco Rosado, onde leciona atualmente percuss\u00e3o.<\/p><p data-start=\"1781\" data-end=\"2205\">Desde 2012, exerce fun\u00e7\u00f5es de diretor art\u00edstico em 21 festivais de percuss\u00e3o no sul de Portugal, incluindo sete edi\u00e7\u00f5es do Festival Internacional de Percuss\u00e3o de Portim\u00e3o, duas edi\u00e7\u00f5es do Festival Internacional de Percuss\u00e3o do Alentejo Central, sete edi\u00e7\u00f5es do Festival Internacional de Percuss\u00e3o de \u00c9vora, a primeira edi\u00e7\u00e3o do Festival de Percuss\u00e3o de Alc\u00e1cer do Sal e quatro edi\u00e7\u00f5es do Portim\u00e3o Percussion Days Festival.<\/p><p data-start=\"2207\" data-end=\"2400\" data-is-last-node=\"\" data-is-only-node=\"\">Em julho de 2017, lan\u00e7ou o seu primeiro \u00e1lbum \u2014 <em data-start=\"2255\" data-end=\"2309\">Vasco Ramalho \u2013 Ess\u00eancias de Marimba, Fados &amp; Choros<\/em> \u2014 que apresentou em quase cinquenta concertos por todo o pa\u00eds, de norte a sul de Portugal.<\/p>\t\t\t\t\t\t\t\t<\/div>\n\t\t\t\t<\/div>\n\t\t\t\t<div class=\"elementor-element elementor-element-eafc392 elementor-widget-divider--view-line elementor-widget elementor-widget-divider\" data-id=\"eafc392\" data-element_type=\"widget\" data-widget_type=\"divider.default\">\n\t\t\t\t<div class=\"elementor-widget-container\">\n\t\t\t\t\t\t\t<div class=\"elementor-divider\">\n\t\t\t<span class=\"elementor-divider-separator\">\n\t\t\t\t\t\t<\/span>\n\t\t<\/div>\n\t\t\t\t\t\t<\/div>\n\t\t\t\t<\/div>\n\t\t\t\t<div class=\"elementor-element elementor-element-21e571d elementor-widget elementor-widget-text-editor\" data-id=\"21e571d\" data-element_type=\"widget\" data-widget_type=\"text-editor.default\">\n\t\t\t\t<div class=\"elementor-widget-container\">\n\t\t\t\t\t\t\t\t\t<p><strong>Vasco Ramalho<\/strong>, born in Reguengos de Monsaraz, holds both a Master\u2019s and a Bachelor\u2019s degree in Percussion from the University of \u00c9vora, where he studied under Professor Dr. Eduardo Lopes, and he is currently pursuing a PhD in Music and Musicology at the same university. During his studies, he was awarded a Merit Scholarship for two consecutive years, a distinction given to the top students in each program. Between 2006 and 2008, he completed a Postgraduate Diploma in Solo Marimba Performance at the Royal Conservatory of Antwerp (Belgium), under the guidance of Professor Ludwig Albert.<\/p><p>As a student, he took part in several international courses and festivals, including the Zeltsman Marimba Festival (2003, Appleton, WI, USA), Ludwig Albert Academy (2006, Belgium), Keiko Abe Academy (2007, Belgium), and IPEW (2008, Croatia). As a professional, he has led numerous masterclasses and workshops at national and international percussion festivals, such as the University of \u00c9vora Music Festival (2013), Tomarimbando (2014, 2017, and 2021), Percussion Friends (2017, Conservatorium van Amsterdam), and FIP 2023 \u2013 Hallein International Percussion Festival (Austria), among others.<\/p><p>Dedicated to developing and expanding percussion education in the Alentejo and Algarve regions, he began his teaching career in 2003, later founding percussion programs in seven conservatories and music academies: Conservat\u00f3rio Regional do Alto Alentejo and Conservat\u00f3rio Regional do Baixo Alentejo (2005); Academia de M\u00fasica de Lagos and Conservat\u00f3rio de Portim\u00e3o (2006); Conservat\u00f3rio de Lagoa and Conservat\u00f3rio Regional de Vila Real de Santo Ant\u00f3nio (2007); and more recently, at the Conservat\u00f3rio de M\u00fasica de Loul\u00e9 Francisco Rosado, where he currently teaches percussion.<\/p><p>Since 2012, he has served as artistic director for 21 percussion festivals in southern Portugal, including seven editions of the Portim\u00e3o International Percussion Festival, two editions of the Central Alentejo International Percussion Festival, seven editions of the \u00c9vora International Percussion Festival, the first Alc\u00e1cer do Sal Percussion Festival, and four editions of the Portim\u00e3o Percussion Days Festival.<\/p><p>In July 2017, he released his first album, <em>Vasco Ramalho \u2013 Ess\u00eancias de Marimba, Fados &amp; Choros<\/em>, performing it publicly in nearly fifty concerts across Portugal, from north to south.<\/p>\t\t\t\t\t\t\t\t<\/div>\n\t\t\t\t<\/div>\n\t\t\t\t<\/div>\n\t\t\t\t\t<\/div>\n\t\t\t\t<\/div>\n\t\t<div class=\"elementor-element elementor-element-057b4b1 e-flex e-con-boxed e-con e-parent\" data-id=\"057b4b1\" data-element_type=\"container\">\n\t\t\t\t\t<div class=\"e-con-inner\">\n\t\t\t\t<div class=\"elementor-element elementor-element-f3463e1 elementor-widget elementor-widget-heading\" data-id=\"f3463e1\" data-element_type=\"widget\" data-widget_type=\"heading.default\">\n\t\t\t\t<div class=\"elementor-widget-container\">\n\t\t\t\t\t<h5 class=\"elementor-heading-title elementor-size-default\"><a href=\"https:\/\/www.cienciavitae.pt\/portal\/F41E-1CA9-25DF\">Ci\u00eancia Vitae<\/a><\/h5>\t\t\t\t<\/div>\n\t\t\t\t<\/div>\n\t\t\t\t\t<\/div>\n\t\t\t\t<\/div>\n\t\t\t\t<\/div>\n\t\t","protected":false},"excerpt":{"rendered":"<p>Vasco Ramalho Vasco Ramalho, natural de Reguengos de Monsaraz, \u00e9 Mestre e Licenciado em Percuss\u00e3o pela Universidade de \u00c9vora, onde estudou com o Professor Doutor Eduardo Lopes, e encontra-se atualmente a realizar o Doutoramento em M\u00fasica e Musicologia na mesma institui\u00e7\u00e3o. Durante o seu percurso acad\u00e9mico, foi distinguido com uma Bolsa de M\u00e9rito durante dois [&hellip;]<\/p>\n","protected":false},"author":7,"featured_media":0,"parent":0,"menu_order":0,"comment_status":"closed","ping_status":"closed","template":"elementor_header_footer","meta":{"footnotes":""},"class_list":["post-1206","page","type-page","status-publish","hentry"],"yoast_head":"<!-- This site is optimized with the Yoast SEO plugin v24.7 - https:\/\/yoast.com\/wordpress\/plugins\/seo\/ -->\n<title>Vasco Ramalho - Know \u00c1frica<\/title>\n<meta name=\"description\" content=\"Anderson Antunes has a PhD in the History of Sciences and works with 19th-century scientific expeditions investigating circulation in colonial spaces.\" \/>\n<meta name=\"robots\" content=\"index, follow, max-snippet:-1, max-image-preview:large, max-video-preview:-1\" \/>\n<link rel=\"canonical\" href=\"https:\/\/www.knowafrica.uevora.pt\/en\/vasco-ramalho\/\" \/>\n<meta property=\"og:locale\" content=\"en_GB\" \/>\n<meta property=\"og:type\" content=\"article\" \/>\n<meta property=\"og:title\" content=\"Vasco Ramalho - Know \u00c1frica\" \/>\n<meta property=\"og:description\" content=\"Anderson Antunes has a PhD in the History of Sciences and works with 19th-century scientific expeditions investigating circulation in colonial spaces.\" \/>\n<meta property=\"og:url\" content=\"https:\/\/www.knowafrica.uevora.pt\/en\/vasco-ramalho\/\" \/>\n<meta property=\"og:site_name\" content=\"Know \u00c1frica\" \/>\n<meta property=\"article:modified_time\" content=\"2025-10-26T16:39:13+00:00\" \/>\n<meta property=\"og:image\" content=\"https:\/\/www.knowafrica.uevora.pt\/wp-content\/uploads\/2025\/10\/foto-Vasco-683x1024.jpeg\" \/>\n<meta name=\"twitter:card\" content=\"summary_large_image\" \/>\n<meta name=\"twitter:label1\" content=\"Estimated reading time\" \/>\n\t<meta name=\"twitter:data1\" content=\"5 minutes\" \/>\n<script type=\"application\/ld+json\" class=\"yoast-schema-graph\">{\"@context\":\"https:\/\/schema.org\",\"@graph\":[{\"@type\":\"WebPage\",\"@id\":\"https:\/\/www.knowafrica.uevora.pt\/vasco-ramalho\/\",\"url\":\"https:\/\/www.knowafrica.uevora.pt\/vasco-ramalho\/\",\"name\":\"Vasco Ramalho - Know \u00c1frica\",\"isPartOf\":{\"@id\":\"https:\/\/www.knowafrica.uevora.pt\/#website\"},\"primaryImageOfPage\":{\"@id\":\"https:\/\/www.knowafrica.uevora.pt\/vasco-ramalho\/#primaryimage\"},\"image\":{\"@id\":\"https:\/\/www.knowafrica.uevora.pt\/vasco-ramalho\/#primaryimage\"},\"thumbnailUrl\":\"https:\/\/www.knowafrica.uevora.pt\/wp-content\/uploads\/2025\/10\/foto-Vasco-683x1024.jpeg\",\"datePublished\":\"2025-10-26T16:39:12+00:00\",\"dateModified\":\"2025-10-26T16:39:13+00:00\",\"description\":\"Anderson Antunes has a PhD in the History of Sciences and works with 19th-century scientific expeditions investigating circulation in colonial spaces.\",\"inLanguage\":\"en-GB\",\"potentialAction\":[{\"@type\":\"ReadAction\",\"target\":[\"https:\/\/www.knowafrica.uevora.pt\/vasco-ramalho\/\"]}]},{\"@type\":\"ImageObject\",\"inLanguage\":\"en-GB\",\"@id\":\"https:\/\/www.knowafrica.uevora.pt\/vasco-ramalho\/#primaryimage\",\"url\":\"https:\/\/www.knowafrica.uevora.pt\/wp-content\/uploads\/2025\/10\/foto-Vasco-683x1024.jpeg\",\"contentUrl\":\"https:\/\/www.knowafrica.uevora.pt\/wp-content\/uploads\/2025\/10\/foto-Vasco-683x1024.jpeg\"},{\"@type\":\"WebSite\",\"@id\":\"https:\/\/www.knowafrica.uevora.pt\/#website\",\"url\":\"https:\/\/www.knowafrica.uevora.pt\/\",\"name\":\"Know \u00c1frica\",\"description\":\"redes de conhecimento na \u00c1frica Oitocentista\",\"publisher\":{\"@id\":\"https:\/\/www.knowafrica.uevora.pt\/#organization\"},\"potentialAction\":[{\"@type\":\"SearchAction\",\"target\":{\"@type\":\"EntryPoint\",\"urlTemplate\":\"https:\/\/www.knowafrica.uevora.pt\/?s={search_term_string}\"},\"query-input\":{\"@type\":\"PropertyValueSpecification\",\"valueRequired\":true,\"valueName\":\"search_term_string\"}}],\"inLanguage\":\"en-GB\"},{\"@type\":\"Organization\",\"@id\":\"https:\/\/www.knowafrica.uevora.pt\/#organization\",\"name\":\"Know \u00c1frica\",\"url\":\"https:\/\/www.knowafrica.uevora.pt\/\",\"logo\":{\"@type\":\"ImageObject\",\"inLanguage\":\"en-GB\",\"@id\":\"https:\/\/www.knowafrica.uevora.pt\/#\/schema\/logo\/image\/\",\"url\":\"https:\/\/www.knowafrica.uevora.pt\/wp-content\/uploads\/2024\/02\/cropped-know-africa.png\",\"contentUrl\":\"https:\/\/www.knowafrica.uevora.pt\/wp-content\/uploads\/2024\/02\/cropped-know-africa.png\",\"width\":1538,\"height\":1538,\"caption\":\"Know \u00c1frica\"},\"image\":{\"@id\":\"https:\/\/www.knowafrica.uevora.pt\/#\/schema\/logo\/image\/\"}}]}<\/script>\n<!-- \/ Yoast SEO plugin. -->","yoast_head_json":{"title":"Vasco Ramalho - Know \u00c1frica","description":"Anderson Antunes has a PhD in the History of Sciences and works with 19th-century scientific expeditions investigating circulation in colonial spaces.","robots":{"index":"index","follow":"follow","max-snippet":"max-snippet:-1","max-image-preview":"max-image-preview:large","max-video-preview":"max-video-preview:-1"},"canonical":"https:\/\/www.knowafrica.uevora.pt\/en\/vasco-ramalho\/","og_locale":"en_GB","og_type":"article","og_title":"Vasco Ramalho - Know \u00c1frica","og_description":"Anderson Antunes has a PhD in the History of Sciences and works with 19th-century scientific expeditions investigating circulation in colonial spaces.","og_url":"https:\/\/www.knowafrica.uevora.pt\/en\/vasco-ramalho\/","og_site_name":"Know \u00c1frica","article_modified_time":"2025-10-26T16:39:13+00:00","og_image":[{"url":"https:\/\/www.knowafrica.uevora.pt\/wp-content\/uploads\/2025\/10\/foto-Vasco-683x1024.jpeg","type":"","width":"","height":""}],"twitter_card":"summary_large_image","twitter_misc":{"Estimated reading time":"5 minutes"},"schema":{"@context":"https:\/\/schema.org","@graph":[{"@type":"WebPage","@id":"https:\/\/www.knowafrica.uevora.pt\/vasco-ramalho\/","url":"https:\/\/www.knowafrica.uevora.pt\/vasco-ramalho\/","name":"Vasco Ramalho - Know \u00c1frica","isPartOf":{"@id":"https:\/\/www.knowafrica.uevora.pt\/#website"},"primaryImageOfPage":{"@id":"https:\/\/www.knowafrica.uevora.pt\/vasco-ramalho\/#primaryimage"},"image":{"@id":"https:\/\/www.knowafrica.uevora.pt\/vasco-ramalho\/#primaryimage"},"thumbnailUrl":"https:\/\/www.knowafrica.uevora.pt\/wp-content\/uploads\/2025\/10\/foto-Vasco-683x1024.jpeg","datePublished":"2025-10-26T16:39:12+00:00","dateModified":"2025-10-26T16:39:13+00:00","description":"Anderson Antunes has a PhD in the History of Sciences and works with 19th-century scientific expeditions investigating circulation in colonial spaces.","inLanguage":"en-GB","potentialAction":[{"@type":"ReadAction","target":["https:\/\/www.knowafrica.uevora.pt\/vasco-ramalho\/"]}]},{"@type":"ImageObject","inLanguage":"en-GB","@id":"https:\/\/www.knowafrica.uevora.pt\/vasco-ramalho\/#primaryimage","url":"https:\/\/www.knowafrica.uevora.pt\/wp-content\/uploads\/2025\/10\/foto-Vasco-683x1024.jpeg","contentUrl":"https:\/\/www.knowafrica.uevora.pt\/wp-content\/uploads\/2025\/10\/foto-Vasco-683x1024.jpeg"},{"@type":"WebSite","@id":"https:\/\/www.knowafrica.uevora.pt\/#website","url":"https:\/\/www.knowafrica.uevora.pt\/","name":"Know Africa","description":"redes de conhecimento na \u00c1frica Oitocentista","publisher":{"@id":"https:\/\/www.knowafrica.uevora.pt\/#organization"},"potentialAction":[{"@type":"SearchAction","target":{"@type":"EntryPoint","urlTemplate":"https:\/\/www.knowafrica.uevora.pt\/?s={search_term_string}"},"query-input":{"@type":"PropertyValueSpecification","valueRequired":true,"valueName":"search_term_string"}}],"inLanguage":"en-GB"},{"@type":"Organization","@id":"https:\/\/www.knowafrica.uevora.pt\/#organization","name":"Know Africa","url":"https:\/\/www.knowafrica.uevora.pt\/","logo":{"@type":"ImageObject","inLanguage":"en-GB","@id":"https:\/\/www.knowafrica.uevora.pt\/#\/schema\/logo\/image\/","url":"https:\/\/www.knowafrica.uevora.pt\/wp-content\/uploads\/2024\/02\/cropped-know-africa.png","contentUrl":"https:\/\/www.knowafrica.uevora.pt\/wp-content\/uploads\/2024\/02\/cropped-know-africa.png","width":1538,"height":1538,"caption":"Know \u00c1frica"},"image":{"@id":"https:\/\/www.knowafrica.uevora.pt\/#\/schema\/logo\/image\/"}}]}},"_links":{"self":[{"href":"https:\/\/www.knowafrica.uevora.pt\/en\/wp-json\/wp\/v2\/pages\/1206","targetHints":{"allow":["GET"]}}],"collection":[{"href":"https:\/\/www.knowafrica.uevora.pt\/en\/wp-json\/wp\/v2\/pages"}],"about":[{"href":"https:\/\/www.knowafrica.uevora.pt\/en\/wp-json\/wp\/v2\/types\/page"}],"author":[{"embeddable":true,"href":"https:\/\/www.knowafrica.uevora.pt\/en\/wp-json\/wp\/v2\/users\/7"}],"replies":[{"embeddable":true,"href":"https:\/\/www.knowafrica.uevora.pt\/en\/wp-json\/wp\/v2\/comments?post=1206"}],"version-history":[{"count":10,"href":"https:\/\/www.knowafrica.uevora.pt\/en\/wp-json\/wp\/v2\/pages\/1206\/revisions"}],"predecessor-version":[{"id":1233,"href":"https:\/\/www.knowafrica.uevora.pt\/en\/wp-json\/wp\/v2\/pages\/1206\/revisions\/1233"}],"wp:attachment":[{"href":"https:\/\/www.knowafrica.uevora.pt\/en\/wp-json\/wp\/v2\/media?parent=1206"}],"curies":[{"name":"wp","href":"https:\/\/api.w.org\/{rel}","templated":true}]}}